{"id":402,"date":"2018-04-17T22:24:40","date_gmt":"2018-04-17T20:24:40","guid":{"rendered":"https:\/\/www.pfadfinder-selm.de\/?page_id=402"},"modified":"2021-07-14T09:28:21","modified_gmt":"2021-07-14T07:28:21","slug":"wie-wir-arbeiten","status":"publish","type":"page","link":"https:\/\/www.pfadfinder-selm.de\/index.php\/ueber-pfadfinder\/wie-wir-arbeiten\/","title":{"rendered":"Wie wir arbeiten"},"content":{"rendered":"\n<p>Wir glauben, dass Pfadfinden Kindern, Jugendlichen und Erwachsenen mehr als ein Abenteuer bietet. Unsere Mitglieder lernen aufrichtig und engagiert, ihr Leben und ihr Umfeld zu gestalten. Dabei machen sie immer wieder neue Erfahrungen, die ihr Leben bereichern. Wir wollen Kinder und Jugendliche in ihrer Entwicklung zu selbstbewussten und starken Pers\u00f6nlichkeiten unterst\u00fctzen. Dabei steht die Lebenswelt unserer Mitglieder im Vordergrund. Gemeinsam mit ihnen wollen wir eine gerechte und lebenswerte Welt mitgestalten.<\/p>\n\n\n\n<p><span style=\"font-size: 18pt;\"><strong>Vier Altersstufen<\/strong><\/span><\/p>\n\n\n\n<p>Die DPSG unterscheidet vier Altersstufen: Die W\u00f6lflingsstufe (7- bis 10- J\u00e4hrige), die Jungpfadfinderstufe (10- bis 13-J\u00e4hrige), die Pfadfinderstufe (13- bis 16-J\u00e4hrige) und die Roverstufe (16- bis 20-J\u00e4hrige). In jeder Altersgruppe begleiten Teams von erwachsenen Frauen und M\u00e4nnern ab 18 Jahren die jungen Menschen als Leiterinnen und Leiter. Das tun sie ehrenamtlich.<\/p>\n\n\n\n<div class=\"wp-block-columns is-layout-flex wp-container-core-columns-is-layout-9d6595d7 wp-block-columns-is-layout-flex\">\n<div class=\"wp-block-column is-layout-flow wp-block-column-is-layout-flow\">\n<figure class=\"wp-block-image size-large is-resized\"><img data-recalc-dims=\"1\" loading=\"lazy\" decoding=\"async\" data-attachment-id=\"376\" data-permalink=\"https:\/\/www.pfadfinder-selm.de\/index.php\/stamm-selm\/die-leiterrunde\/meuterei2008-ohne\/\" data-orig-file=\"https:\/\/i0.wp.com\/www.pfadfinder-selm.de\/wp-content\/uploads\/2018\/04\/woelfi.jpg?fit=1181%2C1175&amp;ssl=1\" data-orig-size=\"1181,1175\" data-comments-opened=\"1\" data-image-meta=\"{&quot;aperture&quot;:&quot;0&quot;,&quot;credit&quot;:&quot;&quot;,&quot;camera&quot;:&quot;&quot;,&quot;caption&quot;:&quot;&quot;,&quot;created_timestamp&quot;:&quot;0&quot;,&quot;copyright&quot;:&quot;&quot;,&quot;focal_length&quot;:&quot;0&quot;,&quot;iso&quot;:&quot;0&quot;,&quot;shutter_speed&quot;:&quot;0&quot;,&quot;title&quot;:&quot;MEUTErei2008 ohne&quot;,&quot;orientation&quot;:&quot;1&quot;}\" data-image-title=\"MEUTErei2008 ohne\" data-image-description=\"\" data-image-caption=\"\" data-large-file=\"https:\/\/i0.wp.com\/www.pfadfinder-selm.de\/wp-content\/uploads\/2018\/04\/woelfi.jpg?fit=1024%2C1019&amp;ssl=1\" src=\"https:\/\/i0.wp.com\/www.pfadfinder-selm.de\/wp-content\/uploads\/2018\/04\/woelfi.jpg?resize=256%2C255&#038;ssl=1\" alt=\"\" class=\"wp-image-376\" width=\"256\" height=\"255\"\/><\/figure>\n<\/div>\n\n\n\n<div class=\"wp-block-column is-layout-flow wp-block-column-is-layout-flow\">\n<figure class=\"wp-block-image size-large is-resized\"><img data-recalc-dims=\"1\" loading=\"lazy\" decoding=\"async\" data-attachment-id=\"375\" data-permalink=\"https:\/\/www.pfadfinder-selm.de\/index.php\/stamm-selm\/die-leiterrunde\/kobold\/\" data-orig-file=\"https:\/\/i0.wp.com\/www.pfadfinder-selm.de\/wp-content\/uploads\/2018\/04\/Kobold-e1523990189781.jpg?fit=90%2C150&amp;ssl=1\" data-orig-size=\"90,150\" data-comments-opened=\"1\" data-image-meta=\"{&quot;aperture&quot;:&quot;0&quot;,&quot;credit&quot;:&quot;&quot;,&quot;camera&quot;:&quot;&quot;,&quot;caption&quot;:&quot;&quot;,&quot;created_timestamp&quot;:&quot;0&quot;,&quot;copyright&quot;:&quot;&quot;,&quot;focal_length&quot;:&quot;0&quot;,&quot;iso&quot;:&quot;0&quot;,&quot;shutter_speed&quot;:&quot;0&quot;,&quot;title&quot;:&quot;&quot;,&quot;orientation&quot;:&quot;1&quot;}\" data-image-title=\"Kobold\" data-image-description=\"\" data-image-caption=\"\" data-large-file=\"https:\/\/i0.wp.com\/www.pfadfinder-selm.de\/wp-content\/uploads\/2018\/04\/Kobold-e1523990189781.jpg?fit=615%2C1024&amp;ssl=1\" src=\"https:\/\/i0.wp.com\/www.pfadfinder-selm.de\/wp-content\/uploads\/2018\/04\/Kobold.jpg?resize=154%2C256&#038;ssl=1\" alt=\"\" class=\"wp-image-375\" width=\"154\" height=\"256\"\/><\/figure>\n<\/div>\n<\/div>\n\n\n\n<div class=\"wp-block-columns is-layout-flex wp-container-core-columns-is-layout-9d6595d7 wp-block-columns-is-layout-flex\">\n<div class=\"wp-block-column is-layout-flow wp-block-column-is-layout-flow\">\n<figure class=\"wp-block-image size-large is-resized\"><img data-recalc-dims=\"1\" loading=\"lazy\" decoding=\"async\" data-attachment-id=\"373\" data-permalink=\"https:\/\/www.pfadfinder-selm.de\/index.php\/stamm-selm\/die-leiterrunde\/pfadfinderstufe\/\" data-orig-file=\"https:\/\/i0.wp.com\/www.pfadfinder-selm.de\/wp-content\/uploads\/2018\/04\/pfadfinderstufe-e1523990362838.png?fit=3050%2C3010&amp;ssl=1\" data-orig-size=\"3050,3010\" data-comments-opened=\"1\" data-image-meta=\"{&quot;aperture&quot;:&quot;0&quot;,&quot;credit&quot;:&quot;&quot;,&quot;camera&quot;:&quot;&quot;,&quot;caption&quot;:&quot;&quot;,&quot;created_timestamp&quot;:&quot;0&quot;,&quot;copyright&quot;:&quot;&quot;,&quot;focal_length&quot;:&quot;0&quot;,&quot;iso&quot;:&quot;0&quot;,&quot;shutter_speed&quot;:&quot;0&quot;,&quot;title&quot;:&quot;&quot;,&quot;orientation&quot;:&quot;0&quot;}\" data-image-title=\"pfadfinderstufe\" data-image-description=\"\" data-image-caption=\"\" data-large-file=\"https:\/\/i0.wp.com\/www.pfadfinder-selm.de\/wp-content\/uploads\/2018\/04\/pfadfinderstufe-e1523990362838.png?fit=1024%2C1011&amp;ssl=1\" src=\"https:\/\/i0.wp.com\/www.pfadfinder-selm.de\/wp-content\/uploads\/2018\/04\/pfadfinderstufe-e1523990362838-1024x1011.png?resize=256%2C253&#038;ssl=1\" alt=\"\" class=\"wp-image-373\" width=\"256\" height=\"253\"\/><\/figure>\n<\/div>\n\n\n\n<div class=\"wp-block-column is-vertically-aligned-center is-layout-flow wp-block-column-is-layout-flow\">\n<div class=\"wp-block-image\"><figure class=\"alignleft size-large is-resized\"><img data-recalc-dims=\"1\" loading=\"lazy\" decoding=\"async\" data-attachment-id=\"378\" data-permalink=\"https:\/\/www.pfadfinder-selm.de\/index.php\/stamm-selm\/die-leiterrunde\/rover\/\" data-orig-file=\"https:\/\/i0.wp.com\/www.pfadfinder-selm.de\/wp-content\/uploads\/2018\/04\/rover.jpg?fit=1019%2C200&amp;ssl=1\" data-orig-size=\"1019,200\" data-comments-opened=\"1\" data-image-meta=\"{&quot;aperture&quot;:&quot;0&quot;,&quot;credit&quot;:&quot;&quot;,&quot;camera&quot;:&quot;&quot;,&quot;caption&quot;:&quot;&quot;,&quot;created_timestamp&quot;:&quot;0&quot;,&quot;copyright&quot;:&quot;&quot;,&quot;focal_length&quot;:&quot;0&quot;,&quot;iso&quot;:&quot;0&quot;,&quot;shutter_speed&quot;:&quot;0&quot;,&quot;title&quot;:&quot;&quot;,&quot;orientation&quot;:&quot;1&quot;}\" data-image-title=\"rover\" data-image-description=\"\" data-image-caption=\"\" data-large-file=\"https:\/\/i0.wp.com\/www.pfadfinder-selm.de\/wp-content\/uploads\/2018\/04\/rover.jpg?fit=1019%2C200&amp;ssl=1\" src=\"https:\/\/i0.wp.com\/www.pfadfinder-selm.de\/wp-content\/uploads\/2018\/04\/rover.jpg?resize=255%2C50&#038;ssl=1\" alt=\"\" class=\"wp-image-378\" width=\"255\" height=\"50\"\/><\/figure><\/div>\n<\/div>\n<\/div>\n\n\n\n<p><span style=\"font-size: 14pt;\"><strong>Soziales Verhalten<\/strong><\/span><\/p>\n\n\n\n<p>Die Gruppen der jeweiligen Stufen erm\u00f6glichen altersgerechte Erlebnisse und Erfahrungen. Entsprechend ihrem Alter und Entwicklungsstand wechseln die Kinder und Jugendlichen die Altersstufe. So k\u00f6nnen die Kinder und Jugendlichen sich immer wieder in eine neue Gruppe einf\u00fcgen und eine neue Rolle einnehmen.<\/p>\n\n\n\n<p><span style=\"font-size: 14pt;\"><strong>F\u00fcr ein starkes Selbstwertgef\u00fchl<\/strong><\/span><\/p>\n\n\n\n<p>In regelm\u00e4\u00dfigen Abst\u00e4nden verlassen Kinder eine Gruppe und neue kommen hinzu. Die Struktur der Gruppe wandelt sich. Das unterscheidet Pfadfinden von der Schule und ist wichtig zum Erlernen von sozialem Verhalten. In der Schule steht das vermittelte Wissen im Vordergrund und daf\u00fcr ist es sinnvoll, in einer langen gleichbleibenden Gruppe zu lernen. Beim Pfadfinden aber kommt es auf die Entwicklung der Pers\u00f6nlichkeit und das Erlernen eines starken Selbstwertgef\u00fchls an. Das gelingt besonders dann, wenn \u00e4ltere, schon erfahrene Mitglieder der Gruppe es den j\u00fcngeren Mitgliedern vorleben. Dadurch, dass die Kinder sich immer wieder in einer neuen Gruppe wiederfinden, lernen sie, sich auf neue Menschen und neue Situationen einzulassen.<\/p>\n\n\n\n<p><span style=\"font-size: 18pt;\"><strong>Die Pfadfinder Methode<\/strong><\/span><\/p>\n\n\n\n<p>Die Pfadfinder Methode (oder auch die Pfadfinderische Methode) setzt auf Lernen durch Erfahrung. Das hei\u00dft, dass Kinder und Jugendliche beobachten, ausprobieren und die eigenen Erfahrungen sammeln k\u00f6nnen. Ziel ist es, Kinder und Jugendliche in der Entwicklung ihrer Pers\u00f6nlichkeit zu unterst\u00fctzen.<\/p>\n\n\n\n<p><strong>Das eigene Projekt<\/strong><\/p>\n\n\n\n<p>Die zentrale Methode ist die Projektarbeit. Hier bringen die Kinder und Jugendlichen ihre Interessen ein, f\u00e4llen gemeinsam eine Entscheidung f\u00fcr ein Projekt, welches sie in den Gruppenstunden umsetzen. Jede und Jeder kann sich mit ihren oder seinen Interessen und W\u00fcnschen in ein solches Projekt einbringen. Sie setzen selber die Rahmenbedingungen und Regeln f\u00fcr die Umsetzung und reflektieren das Projekt nach dessen Abschluss.<\/p>\n\n\n\n<p><strong>Gemeinsames Erleben unter Pfadfinderinnen und Pfadfindern<\/strong><\/p>\n\n\n\n<p>Innerhalb eines Projekts k\u00f6nnen die Pfadfinderinnen und Pfadfinder voneinander oder gemeinsam Neues lernen. In der Gemeinschaft der Gruppe k\u00f6nnen sie wertvolle Erfahrungen sammeln und sich in verschiedenen Rollen ausprobieren. Ob in der Leitung einer Kleingruppe oder die F\u00e4higkeit, die eigenen W\u00fcnsche und Vorstellungen den anderen in der Gruppe darzustellen. Wertvoll sind auch die Erfahrungen, wie sie mit Schwierigkeiten umgehen. So gestalten sie aktiv ihre Welt und ihr Umfeld mit.<\/p>\n\n\n\n<p><span style=\"font-size: 18pt;\"><strong>Die Gruppenstunde<\/strong><\/span><\/p>\n\n\n\n<p>Die Gruppe vor Ort hei\u00dft Stamm. Hier treffen sich die Kinder und Jugendlichen zu ihren Gruppenstunden in ihren jeweiligen Altersstufen. Die Gruppenstunden finden in der Regel w\u00f6chentlich statt und dauern in den meisten F\u00e4llen 90 Minuten. Der Fantasie ist in den Gruppenstunden keine Grenze gesetzt: Ob gemeinsam spielen, die Natur entdecken, die n\u00e4chste Fahrt vorbereiten oder eine Party planen, alles ist m\u00f6glich, wenn man es gemeinsam probiert. Das n\u00e4chste Abenteuer ist nie weit.<\/p>\n\n\n\n<p><strong>Mitbestimmung ist wichtig<\/strong><\/p>\n\n\n\n<p>Das Programm ist angepasst an das Alter und die Lebenswelten der Kinder und Jugendlichen. Sie entscheiden selber, wie sie ihre Gruppenstunden gestalten wollen. Durch das Recht auf Mitbestimmung werden die Kinder und Jugendlichen dazu ermutigt, ihre Meinung einzubringen und zu vertreten. In gro\u00dfen und kleinen Projekten k\u00f6nnen sie sich mit ihren individuellen F\u00e4higkeiten und St\u00e4rken einbringen. Gleichzeitig entwickeln sie aber auch ein Gef\u00fchl daf\u00fcr, wo ihre Grenzen sind.<\/p>\n\n\n\n<p><strong>Klein- und Gro\u00dfgruppe<\/strong><\/p>\n\n\n\n<p>Die Gruppenstunden finden im Wechselspiel von Klein- und Gro\u00dfgruppen statt. Das f\u00f6rdert das fortschreitende Entdecken und die \u00dcbernahme von Verantwortung sowie die Erziehung zur Selbstst\u00e4ndigkeit. Denn in kleineren Gruppen k\u00f6nnen sich die Kinder einfach mit ihren Ideen und F\u00e4higkeiten einbringen und auch die Leitungsrolle in einer kleinen Gruppe einfacher \u00fcben. Unterst\u00fctzt werden sie in all dem von ihren erwachsenen Leiterinnen und Leitern.<\/p>\n\n\n\n<div class=\"wp-block-image\"><figure class=\"aligncenter\"><img data-recalc-dims=\"1\" loading=\"lazy\" decoding=\"async\" width=\"1024\" height=\"487\" data-attachment-id=\"497\" data-permalink=\"https:\/\/www.pfadfinder-selm.de\/index.php\/ueber-pfadfinder\/wie-wir-arbeiten\/gemeinsam-2\/\" data-orig-file=\"https:\/\/i0.wp.com\/www.pfadfinder-selm.de\/wp-content\/uploads\/2018\/04\/Gemeinsam-1.jpg?fit=3313%2C1577&amp;ssl=1\" data-orig-size=\"3313,1577\" data-comments-opened=\"1\" data-image-meta=\"{&quot;aperture&quot;:&quot;2.7&quot;,&quot;credit&quot;:&quot;&quot;,&quot;camera&quot;:&quot;Canon IXUS 220HS&quot;,&quot;caption&quot;:&quot;&quot;,&quot;created_timestamp&quot;:&quot;1342633105&quot;,&quot;copyright&quot;:&quot;&quot;,&quot;focal_length&quot;:&quot;4.3&quot;,&quot;iso&quot;:&quot;100&quot;,&quot;shutter_speed&quot;:&quot;0.004&quot;,&quot;title&quot;:&quot;&quot;,&quot;orientation&quot;:&quot;1&quot;}\" data-image-title=\"Gemeinsam\" data-image-description=\"\" data-image-caption=\"\" data-large-file=\"https:\/\/i0.wp.com\/www.pfadfinder-selm.de\/wp-content\/uploads\/2018\/04\/Gemeinsam-1.jpg?fit=1024%2C487&amp;ssl=1\" src=\"https:\/\/i0.wp.com\/www.pfadfinder-selm.de\/wp-content\/uploads\/2018\/04\/Gemeinsam-1.jpg?resize=1024%2C487&#038;ssl=1\" alt=\"\" class=\"wp-image-497\"\/><\/figure><\/div>\n\n\n\n<p><span style=\"font-size: 18pt;\"><strong>Gemeinsam unterwegs<\/strong><\/span><\/p>\n\n\n\n<p>Etwas ganz besonderes f\u00fcr alle Pfadfinderinnen und Pfadfinder sind die kleineren und gr\u00f6\u00dferen Fahrten und Lager. Gemeinsam unterwegs sein, selber bestimmen, wo es hin geht, Neues entdecken und ausprobieren. Das macht in der Gruppe besonders viel Spa\u00df. Fahrten k\u00f6nnen nur eine \u00dcbernachtung, ein ganzes Wochenende oder sogar mehrere Wochen in den Ferien umfassen.<\/p>\n\n\n\n<p><strong>Zeltlager &#8211; lernen Verantwortung zu \u00fcbernehmen<\/strong><\/p>\n\n\n\n<p>Auf den Fahrten wagen die Pfadfinderinnen und Pfadfinder neue Abenteuer und lernen, f\u00fcr sich und andere in der Gruppe Verantwortung zu \u00fcbernehmen. F\u00fcr die J\u00fcngsten ist die erste \u00dcbernachtung im Zelt das gro\u00dfe Abenteuer, f\u00fcr die \u00c4lteren das selbst geplante Wanderlager quer durch die Wildnis oder die Begegnung mit Pfadfinderinnen und Pfadfindern aus anderen L\u00e4ndern. Das gemeinsame Erlebnis steht hier im Vordergrund und bietet Erfahrungen, die das Leben der Kinder und Jugendlichen bereichert.<\/p>\n\n\n\n<p><span style=\"font-size: 18pt;\"><strong>Die Gruppenleitung<\/strong><\/span><\/p>\n\n\n\n<p><strong>Gemischte Teams<\/strong><\/p>\n\n\n\n<p>Vollj\u00e4hrige Mitglieder oder interessierte Erwachsene k\u00f6nnen Leiterinnen und Leiter in der DPSG werden. Sie begleiten die Kinder und Jugendlichen in ihrer Entwicklung. In der DPSG werden sie f\u00fcr diese Ausgabe umfassend und vielf\u00e4ltig ausgebildet. In der Woodbadge-Ausbildung lernen sie, sich selber als Leitungspers\u00f6nlichkeit kennen und wie sie Kinder und Jugendliche in ihrer Entwicklung begleiten und st\u00e4rken k\u00f6nnen. Geleitet wird immer in gemischten Teams. Die Leiterinnen und Leiter werden umfassend f\u00fcr ihre Aufgaben ausgebildet.<\/p>\n\n\n\n<p><strong>Ausbildung der Leiterinnen und Leiter<\/strong><\/p>\n\n\n\n<div class=\"wp-block-image\"><figure class=\"alignright\"><img data-recalc-dims=\"1\" loading=\"lazy\" decoding=\"async\" width=\"225\" height=\"300\" data-attachment-id=\"514\" data-permalink=\"https:\/\/www.pfadfinder-selm.de\/index.php\/ueber-pfadfinder\/wie-wir-arbeiten\/ausbildung\/\" data-orig-file=\"https:\/\/i0.wp.com\/www.pfadfinder-selm.de\/wp-content\/uploads\/2018\/04\/Ausbildung.jpg?fit=3024%2C4032&amp;ssl=1\" data-orig-size=\"3024,4032\" data-comments-opened=\"1\" data-image-meta=\"{&quot;aperture&quot;:&quot;1.8&quot;,&quot;credit&quot;:&quot;&quot;,&quot;camera&quot;:&quot;iPhone 8 Plus&quot;,&quot;caption&quot;:&quot;&quot;,&quot;created_timestamp&quot;:&quot;1524589100&quot;,&quot;copyright&quot;:&quot;&quot;,&quot;focal_length&quot;:&quot;3.99&quot;,&quot;iso&quot;:&quot;32&quot;,&quot;shutter_speed&quot;:&quot;0.0083333333333333&quot;,&quot;title&quot;:&quot;&quot;,&quot;orientation&quot;:&quot;0&quot;}\" data-image-title=\"Ausbildung\" data-image-description=\"\" data-image-caption=\"\" data-large-file=\"https:\/\/i0.wp.com\/www.pfadfinder-selm.de\/wp-content\/uploads\/2018\/04\/Ausbildung.jpg?fit=768%2C1024&amp;ssl=1\" src=\"https:\/\/i0.wp.com\/www.pfadfinder-selm.de\/wp-content\/uploads\/2018\/04\/Ausbildung.jpg?resize=225%2C300&#038;ssl=1\" alt=\"\" class=\"wp-image-514\"\/><\/figure><\/div>\n\n\n\n<p>In verschiedenen Modulen werden die Leiterinnen und Leiter f\u00fcr ihre T\u00e4tigkeit ausgebildet. In der Ausbildung werden sowohl Lebenswelt als auch die Bed\u00fcrfnisse sowie der Schutz von Kindern und Jugendlichen thematisiert, als auch rechtliche und finanzielle Fragen gekl\u00e4rt und thematisches Hintergrundwissen vermittelt. Die mehrmonatige Modulausbildung und der einw\u00f6chige Woodbadgekurs macht die Leiterinnen und Leiter nicht nur fit f\u00fcr den Umgang mit Kindern und Jugendlichen, sondern tr\u00e4gt auch zur Entwicklung einer eigenen Leitungspers\u00f6nlichkeit bei. Die Erfahrungen, die Leiterinnen und Leiter in der Ausbildung und ihrer T\u00e4tigkeit in Gruppenstunden und auf Fahrten sammeln, machen nicht nur Spa\u00df, sondern helfen auch im Alltag und in der Berufswelt weiter.<\/p>\n","protected":false},"excerpt":{"rendered":"<p>Wir glauben, dass Pfadfinden Kindern, Jugendlichen und Erwachsenen mehr als ein Abenteuer bietet. Unsere Mitglieder lernen aufrichtig und engagiert, ihr Leben und ihr Umfeld zu<span class=\"read-more-link\"><a class=\"read-more\" href=\"https:\/\/www.pfadfinder-selm.de\/index.php\/ueber-pfadfinder\/wie-wir-arbeiten\/\">Read More<\/a><\/span><\/p>\n","protected":false},"author":1,"featured_media":0,"parent":391,"menu_order":0,"comment_status":"closed","ping_status":"closed","template":"","meta":{"jetpack_post_was_ever_published":false,"footnotes":""},"class_list":["post-402","page","type-page","status-publish","hentry"],"jetpack_shortlink":"https:\/\/wp.me\/P9OEzS-6u","jetpack_sharing_enabled":false,"_links":{"self":[{"href":"https:\/\/www.pfadfinder-selm.de\/index.php\/wp-json\/wp\/v2\/pages\/402","targetHints":{"allow":["GET"]}}],"collection":[{"href":"https:\/\/www.pfadfinder-selm.de\/index.php\/wp-json\/wp\/v2\/pages"}],"about":[{"href":"https:\/\/www.pfadfinder-selm.de\/index.php\/wp-json\/wp\/v2\/types\/page"}],"author":[{"embeddable":true,"href":"https:\/\/www.pfadfinder-selm.de\/index.php\/wp-json\/wp\/v2\/users\/1"}],"replies":[{"embeddable":true,"href":"https:\/\/www.pfadfinder-selm.de\/index.php\/wp-json\/wp\/v2\/comments?post=402"}],"version-history":[{"count":6,"href":"https:\/\/www.pfadfinder-selm.de\/index.php\/wp-json\/wp\/v2\/pages\/402\/revisions"}],"predecessor-version":[{"id":1429,"href":"https:\/\/www.pfadfinder-selm.de\/index.php\/wp-json\/wp\/v2\/pages\/402\/revisions\/1429"}],"up":[{"embeddable":true,"href":"https:\/\/www.pfadfinder-selm.de\/index.php\/wp-json\/wp\/v2\/pages\/391"}],"wp:attachment":[{"href":"https:\/\/www.pfadfinder-selm.de\/index.php\/wp-json\/wp\/v2\/media?parent=402"}],"curies":[{"name":"wp","href":"https:\/\/api.w.org\/{rel}","templated":true}]}}